
{"id":1030,"date":"2019-04-11T12:47:43","date_gmt":"2019-04-11T10:47:43","guid":{"rendered":"http:\/\/huppy-patrimoine.fr\/?page_id=1030"},"modified":"2020-12-07T18:04:11","modified_gmt":"2020-12-07T17:04:11","slug":"chapitre-vii-la-chapelle-seigneuriale-vitraux","status":"publish","type":"page","link":"https:\/\/www.huppy-patrimoine.fr\/index.php\/chapitre-vii-la-chapelle-seigneuriale-vitraux\/","title":{"rendered":"Chapitre VII &#8211; La Chapelle Seigneuriale &#038; Vitraux"},"content":{"rendered":"<p style=\"text-align: center;\"><span style=\"font-size: 12pt; color: #000000;\"><strong><span style=\"font-family: 'times new roman', times, serif;\">Chapitre VII &amp; La Chapelle Seigneuriale &amp; Les vitraux.<\/span><\/strong><\/span><\/p>\n<p style=\"text-align: center;\"><span style=\"font-size: 10pt; color: #000000;\"><strong><span style=\"font-family: 'times new roman', times, serif;\">LA CHAPELLE SEIGNEURIALE (11) (12) (13)<\/span><\/strong><\/span><br \/>\n<span style=\"font-family: 'times new roman', times, serif; font-size: 10pt; color: #000000;\">La 5\u00e9me campagne des travaux en 1545 (vitraux dat\u00e9s)<\/span><\/p>\n<p style=\"text-align: left;\"><span style=\"font-size: 10pt; color: #000000;\"><span style=\"font-family: 'times new roman', times, serif;\">\u00a0La Chapelle Seigneuriale a perdu tous ses titres de noblesse puisqu\u2019elle a \u00e9t\u00e9 transform\u00e9e en <\/span><span style=\"font-family: 'times new roman', times, serif;\">sacristie par les restaurateurs, apr\u00e8s la guerre 39\/45. La Picardie Historique et Monumentale la <\/span><span style=\"font-family: 'times new roman', times, serif;\">d\u00e9crit ainsi:\u00a0 <\/span><\/span><\/p>\n<p style=\"text-align: left;\"><span style=\"font-size: 10pt; color: #000000;\"><span style=\"font-family: 'times new roman', times, serif;\">\u00a0\u00abLa Chapelle Seigneuriale n\u2019appartient pas \u00e0 la construction primitive et ne fut pas <\/span><span style=\"font-family: 'times new roman', times, serif;\">pr\u00e9vue tout d&rsquo;abord dans le plan de l\u2019architecte ; les traces de reprise demeurent tr\u00e8s visibles \u00e0 <\/span><span style=\"font-family: 'times new roman', times, serif;\">l\u2019ext\u00e9rieur (11) On aurait form\u00e9 le projet de la vo\u00fbter comme le prouvent les culots d\u2019angles et l<\/span><span style=\"font-family: 'times new roman', times, serif;\">es amorces des nervures (12) Elle se fait remarquer par le beaut\u00e9 des vitraux qui garnissent <\/span><span style=\"font-family: 'times new roman', times, serif;\">ses deux fen\u00eatres et par la pr\u00e9sence d&rsquo;une chemin\u00e9e (13) Les chemin\u00e9es de chapelle <\/span><span style=\"font-family: 'times new roman', times, serif;\">seigneuriale sont assez rare ; on en voit a PIERREFONDS, \u00e0 l\u2019\u00e9glise de BROU, \u00e0 FRESSIN <\/span><span style=\"font-family: 'times new roman', times, serif;\">dans le Pas-De~Calais et dans notre r\u00e9gion, \u00e0 VILLERS-CAMPSART ; mais il ne faut pas <\/span><span style=\"font-family: 'times new roman', times, serif;\">s&rsquo;\u00e9tonner de trouver une ressemblance entre les chapelles des deux \u00e9glises de Villers et <\/span><span style=\"font-family: 'times new roman', times, serif;\">d\u2019Huppy car les m\u00eames seigneurs (les La Rivi\u00e8re) poss\u00e9d\u00e8rent les deux \ufb01efs \u00bb <\/span><span style=\"font-family: 'times new roman', times, serif;\">(\ufb01n de citation de la P.H.M)<\/span><\/span><br \/>\n<span style=\"font-size: 10pt; color: #000000;\"><span style=\"font-family: 'times new roman', times, serif;\">De nos jours, on ne peut plus parler de chapelle seigneuriale. Un \u00e9pais mur a remplac\u00e9 l\u2019arc qui <\/span><span style=\"font-family: 'times new roman', times, serif;\">faisait communiquer le ch\u0153ur et la chapelle et qui devait \u00eatre garni d\u2019une grille pour en interdire <\/span><span style=\"font-family: 'times new roman', times, serif;\">l\u2019acc\u00e8s aux fid\u00e8les. Un restant de cet arc est encore visible \u00e0 l\u2019int\u00e9rieur du cot\u00e9 de la cul\u00e9e Sud-<\/span><span style=\"font-family: 'times new roman', times, serif;\">Est de la vo\u00fbte pr\u00e9vue mais jamais r\u00e9alis\u00e9e. <\/span><span style=\"font-family: 'times new roman', times, serif;\">Une porte basse est perc\u00e9e dans ce mur, elle est ferm\u00e9e d&rsquo;une grille en fer forg\u00e9 pos\u00e9e en <\/span><span style=\"font-family: 'times new roman', times, serif;\">1984, par l&rsquo;A.S.PA.C.H. <\/span><span style=\"font-family: 'times new roman', times, serif;\">Le plafond jadis en solives et poutres apparentes est aujourd\u2019hui fait de solives recouvertes <\/span><span style=\"font-family: 'times new roman', times, serif;\">d\u2019isorel, une trappe d\u2019acc\u00e8s aux combles est situ\u00e9e dans l\u2019angle Sud-Est. <\/span><span style=\"font-family: 'times new roman', times, serif;\">Les d\u00e9parts de vo\u00fbte, gerbes sur culots, ont \u00e9t\u00e9 conserv\u00e9s dans trois angles : NO &#8211; NE &#8211; SE. Il <\/span><span style=\"font-family: 'times new roman', times, serif;\">n\u2019y a plus de traces dans l\u2019angle SO, les murs ayant \u00e9t\u00e9 refaits sur toute leur hauteur. <\/span><span style=\"font-family: 'times new roman', times, serif;\">La chemin\u00e9e elle non plus n\u2019a pas \u00e9t\u00e9 reconstruite, cela est bien dommage puisqu\u2019elle \u00e9tait un <\/span><span style=\"font-family: 'times new roman', times, serif;\">cas presque unique. <\/span><span style=\"font-family: 'times new roman', times, serif;\">La porte sur le mur Nord qui donnait jadis acc\u00e8s au ch\u00e2teau a \u00e9t\u00e9 pr\u00e9serv\u00e9e. <\/span><span style=\"font-family: 'times new roman', times, serif;\">Le linteau int\u00e9rieur est \u00e0 l&rsquo;horizontal tandis que l\u2019ext\u00e9rieur a conserv\u00e9 son arc moulur\u00e9 qui passe \u00ab<\/span><span style=\"font-family: 'times new roman', times, serif;\">en p\u00e9n\u00e9tration\u00bb au travers du bandeau-larmier de l&rsquo;appui de la fen\u00eatre.<\/span><\/span><br \/>\n<span style=\"font-size: 10pt; color: #000000;\"><span style=\"font-family: 'times new roman', times, serif;\">Les fen\u00eatres E et F comportent encore les neuf panneaux comme \u00e0 l\u2019origine quand les verri\u00e8res <\/span><span style=\"font-family: 'times new roman', times, serif;\">histori\u00e9es les garnissaient. <\/span><span style=\"font-family: 'times new roman', times, serif;\">Les deux verri\u00e8res dat\u00e9es de 1545 ont \u00e9t\u00e9 repos\u00e9es dans le ch\u0153ur de l\u2019\u00e9glise aux baies l et J. <\/span><span style=\"font-family: 'times new roman', times, serif;\">Sur les murs Nord et Est, le bandeau-larmier a \u00e9t\u00e9 restaur\u00e9 alors que les murs Sud et Ouest <\/span><span style=\"font-family: 'times new roman', times, serif;\">n\u2018en poss\u00e8dent pas, ayant \u00e9t\u00e9 pour le mur Ouest refait sans la chemin\u00e9e et pour le mur Sud <\/span><span style=\"font-family: 'times new roman', times, serif;\">cr\u00e9\u00e9 de toute pi\u00e8ce \u00e0 la restauration. Les archivoltes des fen\u00eatres Nord et Est ont elles aussi <\/span><span style=\"font-family: 'times new roman', times, serif;\">\u00e9t\u00e9 conserv\u00e9es.<\/span><\/span><br \/>\n<span style=\"font-size: 10pt; color: #000000;\"><span style=\"font-family: 'times new roman', times, serif;\">De nos jours, un meuble r\u00e9cup\u00e9r\u00e9 par l&rsquo;Abb\u00e9 Yves MOREL chez les petites s\u0153urs des pauvres <\/span><span style=\"font-family: 'times new roman', times, serif;\">d\u2019Amiens, remplace sur le mur Ouest, la chemin\u00e9e. <\/span><span style=\"font-family: 'times new roman', times, serif;\">Un \u00e9vier a \u00e9t\u00e9 \u00e9galement pos\u00e9 par l\u2019A.S.P.A.C.H dans l\u2019angle NE pour faciliter le travail des <\/span><span style=\"font-family: 'times new roman', times, serif;\">femmes charg\u00e9es de \ufb02eurir l&rsquo;\u00e9glise. <\/span><span style=\"font-family: 'times new roman', times, serif;\">En avril 2004, les fen\u00eatres sont encore garnies de verres cath\u00e9drale en attendant des verri\u00e8res <\/span><span style=\"font-family: 'times new roman', times, serif;\">en grisaille comme la nef (mais quand ?) Comme dans le reste de |\u2019\u00e9glise, le sol est encore en <\/span><span style=\"font-family: 'times new roman', times, serif;\">b\u00e9ton brut en attendant un dallage digne de l\u2019\u00e9di\ufb01ce.<\/span><\/span><br \/>\n<span style=\"font-family: 'times new roman', times, serif; font-size: 10pt; color: #000000;\">Mesures int\u00e9rieures de cette chapelle : 3,35 m x 4,30 m.<\/span><\/p>\n<p style=\"text-align: right;\"><span style=\"font-size: 10pt;\">ASPACHuppy<\/span><\/p>\n<p style=\"text-align: center;\"><span style=\"font-size: 10pt; color: #000000;\"><strong><span style=\"font-family: 'times new roman', times, serif;\">Le vitrail de 1545 en place dans la chapelle seigneuriale avant mai 1940.<\/span><\/strong><\/span><\/p>\n<p><img loading=\"lazy\" decoding=\"async\" class=\"img-responsive wp-image-1043 size-large aligncenter\" src=\"http:\/\/huppy-patrimoine.fr\/wp-content\/uploads\/2019\/04\/IMGP1883-2-576x1024.jpg\" alt=\"\" width=\"576\" height=\"1024\" srcset=\"https:\/\/www.huppy-patrimoine.fr\/wp-content\/uploads\/2019\/04\/IMGP1883-2-576x1024.jpg 576w, https:\/\/www.huppy-patrimoine.fr\/wp-content\/uploads\/2019\/04\/IMGP1883-2-169x300.jpg 169w, https:\/\/www.huppy-patrimoine.fr\/wp-content\/uploads\/2019\/04\/IMGP1883-2-768x1366.jpg 768w\" sizes=\"auto, (max-width: 576px) 100vw, 576px\" \/><\/p>\n<p style=\"text-align: right;\"><span style=\"font-size: 10pt;\">H\u00e9liogravure DUJARDIN\u00a0 ASPACHuppy<\/span><\/p>\n","protected":false},"excerpt":{"rendered":"<p>Chapitre VII &amp; La Chapelle Seigneuriale &amp; Les vitraux. LA CHAPELLE SEIGNEURIALE (11) (12) (13) La 5\u00e9me campagne des travaux en 1545 (vitraux dat\u00e9s) \u00a0La<\/p>\n","protected":false},"author":2,"featured_media":0,"parent":0,"menu_order":0,"comment_status":"closed","ping_status":"closed","template":"","meta":{"footnotes":""},"categories":[33],"tags":[],"class_list":["post-1030","page","type-page","status-publish","hentry","category-eglise"],"_links":{"self":[{"href":"https:\/\/www.huppy-patrimoine.fr\/index.php\/wp-json\/wp\/v2\/pages\/1030","targetHints":{"allow":["GET"]}}],"collection":[{"href":"https:\/\/www.huppy-patrimoine.fr\/index.php\/wp-json\/wp\/v2\/pages"}],"about":[{"href":"https:\/\/www.huppy-patrimoine.fr\/index.php\/wp-json\/wp\/v2\/types\/page"}],"author":[{"embeddable":true,"href":"https:\/\/www.huppy-patrimoine.fr\/index.php\/wp-json\/wp\/v2\/users\/2"}],"replies":[{"embeddable":true,"href":"https:\/\/www.huppy-patrimoine.fr\/index.php\/wp-json\/wp\/v2\/comments?post=1030"}],"version-history":[{"count":24,"href":"https:\/\/www.huppy-patrimoine.fr\/index.php\/wp-json\/wp\/v2\/pages\/1030\/revisions"}],"predecessor-version":[{"id":1158,"href":"https:\/\/www.huppy-patrimoine.fr\/index.php\/wp-json\/wp\/v2\/pages\/1030\/revisions\/1158"}],"wp:attachment":[{"href":"https:\/\/www.huppy-patrimoine.fr\/index.php\/wp-json\/wp\/v2\/media?parent=1030"}],"wp:term":[{"taxonomy":"category","embeddable":true,"href":"https:\/\/www.huppy-patrimoine.fr\/index.php\/wp-json\/wp\/v2\/categories?post=1030"},{"taxonomy":"post_tag","embeddable":true,"href":"https:\/\/www.huppy-patrimoine.fr\/index.php\/wp-json\/wp\/v2\/tags?post=1030"}],"curies":[{"name":"wp","href":"https:\/\/api.w.org\/{rel}","templated":true}]}}