
{"id":8282,"date":"2025-01-10T13:51:48","date_gmt":"2025-01-10T12:51:48","guid":{"rendered":"https:\/\/www.huppy-patrimoine.fr\/?page_id=8282"},"modified":"2025-01-18T15:00:13","modified_gmt":"2025-01-18T14:00:13","slug":"aubry-de-maraumont-le-char-jeanne-darc-28-mai-1940","status":"publish","type":"page","link":"https:\/\/www.huppy-patrimoine.fr\/index.php\/aubry-de-maraumont-le-char-jeanne-darc-28-mai-1940\/","title":{"rendered":"Aubry de Maraumont &#8211; Le char Jeanne d&rsquo;Arc 28 mai 1940"},"content":{"rendered":"<p><span style=\"font-family: 'times new roman', times, serif; font-size: 14pt;\">L&rsquo;aspirant Guy-Pierre Aubry de Maraumont, pilote du char B1 Bis de la IV\u00e8me DCR command\u00e9 par le colonel de Gaulle, fut le premier \u00e0 p\u00e9n\u00e9trer dans Huppy avec le\u00a0 Jeanne d&rsquo;Arc lors de l&rsquo;attaque 28 mai 1940. Son rapport de mission et le r\u00e9cit qu&rsquo;il fit du parcours de cette attaque nous impressionnent. Plus de 90 impacts d&rsquo;obus furent recens\u00e9s sur le Jeanne d&rsquo;Arc.\u00a0<\/span><\/p>\n<p>&nbsp;<\/p>\n<figure id=\"attachment_8285\" aria-describedby=\"caption-attachment-8285\" style=\"width: 252px\" class=\"wp-caption aligncenter\"><img loading=\"lazy\" decoding=\"async\" class=\"wp-image-8285 size-full\" src=\"https:\/\/www.huppy-patrimoine.fr\/wp-content\/uploads\/2025\/01\/Capture.png\" alt=\"\" width=\"252\" height=\"174\" \/><figcaption id=\"caption-attachment-8285\" class=\"wp-caption-text\"><span style=\"font-family: 'times new roman', times, serif; font-size: 14pt; color: #800000;\">Carte de combattant de Guy Aubry de Maraumont. Transmise par son fils Serge \u00e0 l\u2019ASPACHuppy.<\/span><\/figcaption><\/figure>\n<p>&nbsp;<\/p>\n<p style=\"text-align: center;\"><strong><span style=\"font-family: 'times new roman', times, serif; font-size: 14pt; color: #800000;\">Rapport dactylographi\u00e9 de fin de combat du 47\u00e9me bataillon de chars de la IV DCR<\/span><\/strong><\/p>\n<div class=\"_df_book df-lite\" id=\"df_8302\"  _slug=\"rapport-fin-de-combat-jeanne-darc-dactylographie\" data-title=\"rapport-fin-de-combat-jeanne-darc-dactylographie\" wpoptions=\"true\" thumbtype=\"\" ><\/div><script class=\"df-shortcode-script\" nowprocket type=\"application\/javascript\">window.option_df_8302 = {\"outline\":[],\"autoEnableOutline\":\"false\",\"autoEnableThumbnail\":\"false\",\"overwritePDFOutline\":\"false\",\"direction\":\"1\",\"pageSize\":\"0\",\"source\":\"https:\\\/\\\/www.huppy-patrimoine.fr\\\/wp-content\\\/uploads\\\/2025\\\/01\\\/Rapport-de-fin-de-combat-officiel.pdf\",\"wpOptions\":\"true\"}; if(window.DFLIP && window.DFLIP.parseBooks){window.DFLIP.parseBooks();}<\/script>\n<p>&nbsp;<\/p>\n<p style=\"text-align: center;\"><span style=\"font-size: 14pt; color: #800000;\"><strong><span style=\"font-family: 'times new roman', times, serif;\">Rapport de fin de combat manuscrit de la main de l&rsquo;aspirant Aubry de Maraumont le 2 juin 1940.<\/span><\/strong><\/span><\/p>\n<div class=\"_df_book df-lite\" id=\"df_8315\"  _slug=\"rapport-manuscrit-2-juin-1940\" data-title=\"rapport-manuscrit-2-juin-1940\" wpoptions=\"true\" thumbtype=\"\" ><\/div><script class=\"df-shortcode-script\" nowprocket type=\"application\/javascript\">window.option_df_8315 = {\"outline\":[],\"autoEnableOutline\":\"false\",\"autoEnableThumbnail\":\"false\",\"overwritePDFOutline\":\"false\",\"direction\":\"1\",\"pageSize\":\"0\",\"source\":\"https:\\\/\\\/www.huppy-patrimoine.fr\\\/wp-content\\\/uploads\\\/2025\\\/01\\\/Rapport-manuscrit-du-2-juin-1940-de-laspirant-Aubry-de-Maraumont.pdf\",\"wpOptions\":\"true\"}; if(window.DFLIP && window.DFLIP.parseBooks){window.DFLIP.parseBooks();}<\/script>\n<p>&nbsp;<\/p>\n<p style=\"text-align: center;\"><span style=\"font-family: 'times new roman', times, serif; color: #800000;\"><strong><span style=\"font-size: 14pt;\">R\u00e9cit et courrier \u00e0 monsieur Verstraete de Limeux 6 juin 1980<\/span><\/strong><\/span><\/p>\n<div class=\"_df_book df-lite\" id=\"df_8321\"  _slug=\"recit-6-juin-1980\" data-title=\"recit-6-juin-1980\" wpoptions=\"true\" thumbtype=\"\" ><\/div><script class=\"df-shortcode-script\" nowprocket type=\"application\/javascript\">window.option_df_8321 = {\"outline\":[],\"autoEnableOutline\":\"false\",\"autoEnableThumbnail\":\"false\",\"overwritePDFOutline\":\"false\",\"direction\":\"1\",\"pageSize\":\"0\",\"source\":\"https:\\\/\\\/www.huppy-patrimoine.fr\\\/wp-content\\\/uploads\\\/2025\\\/01\\\/Recit-aubry-de-maraumont-6-juin-1980.pdf\",\"wpOptions\":\"true\"}; if(window.DFLIP && window.DFLIP.parseBooks){window.DFLIP.parseBooks();}<\/script>\n<p>&nbsp;<\/p>\n<figure id=\"attachment_8344\" aria-describedby=\"caption-attachment-8344\" style=\"width: 783px\" class=\"wp-caption aligncenter\"><img loading=\"lazy\" decoding=\"async\" class=\"wp-image-8344 size-large\" src=\"https:\/\/www.huppy-patrimoine.fr\/wp-content\/uploads\/2025\/01\/00-1024x856.jpg\" alt=\"\" width=\"783\" height=\"655\" srcset=\"https:\/\/www.huppy-patrimoine.fr\/wp-content\/uploads\/2025\/01\/00-1024x856.jpg 1024w, https:\/\/www.huppy-patrimoine.fr\/wp-content\/uploads\/2025\/01\/00-300x251.jpg 300w, https:\/\/www.huppy-patrimoine.fr\/wp-content\/uploads\/2025\/01\/00-768x642.jpg 768w, https:\/\/www.huppy-patrimoine.fr\/wp-content\/uploads\/2025\/01\/00-1536x1284.jpg 1536w, https:\/\/www.huppy-patrimoine.fr\/wp-content\/uploads\/2025\/01\/00-2048x1712.jpg 2048w\" sizes=\"auto, (max-width: 783px) 100vw, 783px\" \/><figcaption id=\"caption-attachment-8344\" class=\"wp-caption-text\"><span style=\"color: #800000;\"><strong><span style=\"font-family: 'times new roman', times, serif; font-size: 14pt;\">Les impacts d&rsquo;obus sur le char Jeanne d&rsquo;Arc<\/span><\/strong><\/span><\/figcaption><\/figure>\n<p>&nbsp;<\/p>\n<figure id=\"attachment_8345\" aria-describedby=\"caption-attachment-8345\" style=\"width: 491px\" class=\"wp-caption aligncenter\"><img loading=\"lazy\" decoding=\"async\" class=\"wp-image-8345 size-full\" src=\"https:\/\/www.huppy-patrimoine.fr\/wp-content\/uploads\/2025\/01\/jeanne-darc.jpg\" alt=\"\" width=\"491\" height=\"788\" srcset=\"https:\/\/www.huppy-patrimoine.fr\/wp-content\/uploads\/2025\/01\/jeanne-darc.jpg 491w, https:\/\/www.huppy-patrimoine.fr\/wp-content\/uploads\/2025\/01\/jeanne-darc-187x300.jpg 187w\" sizes=\"auto, (max-width: 491px) 100vw, 491px\" \/><figcaption id=\"caption-attachment-8345\" class=\"wp-caption-text\"><span style=\"color: #800000;\"><strong><span style=\"font-family: 'times new roman', times, serif; font-size: 14pt;\">Trois jeunes originaires des environs de Huppy &#8211; A identifier!<\/span><\/strong><\/span><\/figcaption><\/figure>\n<p>&nbsp;<\/p>\n<figure id=\"attachment_8346\" aria-describedby=\"caption-attachment-8346\" style=\"width: 783px\" class=\"wp-caption aligncenter\"><img loading=\"lazy\" decoding=\"async\" class=\"wp-image-8346 size-large\" src=\"https:\/\/www.huppy-patrimoine.fr\/wp-content\/uploads\/2025\/01\/jeanne-darc-B1bis-2-1024x674.jpg\" alt=\"\" width=\"783\" height=\"515\" srcset=\"https:\/\/www.huppy-patrimoine.fr\/wp-content\/uploads\/2025\/01\/jeanne-darc-B1bis-2-1024x674.jpg 1024w, https:\/\/www.huppy-patrimoine.fr\/wp-content\/uploads\/2025\/01\/jeanne-darc-B1bis-2-300x198.jpg 300w, https:\/\/www.huppy-patrimoine.fr\/wp-content\/uploads\/2025\/01\/jeanne-darc-B1bis-2-768x506.jpg 768w, https:\/\/www.huppy-patrimoine.fr\/wp-content\/uploads\/2025\/01\/jeanne-darc-B1bis-2-1536x1011.jpg 1536w, https:\/\/www.huppy-patrimoine.fr\/wp-content\/uploads\/2025\/01\/jeanne-darc-B1bis-2.jpg 1938w\" sizes=\"auto, (max-width: 783px) 100vw, 783px\" \/><figcaption id=\"caption-attachment-8346\" class=\"wp-caption-text\"><span style=\"color: #800000;\"><strong><span style=\"font-family: 'times new roman', times, serif; font-size: 14pt;\">Le Jeanne d&rsquo;Arc avec des soldats allemands<\/span><\/strong><\/span><\/figcaption><\/figure>\n<p>&nbsp;<\/p>\n<p>&nbsp;<\/p>\n<figure id=\"attachment_8277\" aria-describedby=\"caption-attachment-8277\" style=\"width: 400px\" class=\"wp-caption aligncenter\"><img loading=\"lazy\" decoding=\"async\" class=\"wp-image-8277 size-full\" src=\"https:\/\/www.huppy-patrimoine.fr\/wp-content\/uploads\/2025\/01\/Aubry-de-maraumont-30-mai-1940.jpg\" alt=\"\" width=\"400\" height=\"252\" srcset=\"https:\/\/www.huppy-patrimoine.fr\/wp-content\/uploads\/2025\/01\/Aubry-de-maraumont-30-mai-1940.jpg 400w, https:\/\/www.huppy-patrimoine.fr\/wp-content\/uploads\/2025\/01\/Aubry-de-maraumont-30-mai-1940-300x189.jpg 300w\" sizes=\"auto, (max-width: 400px) 100vw, 400px\" \/><figcaption id=\"caption-attachment-8277\" class=\"wp-caption-text\"><span style=\"color: #800000;\"><strong><span style=\"font-family: 'times new roman', times, serif; font-size: 14pt;\">Ici en photo devant un des canons allemand \u00e9cras\u00e9 par le Jeanne d&rsquo;Arc.<\/span><\/strong><\/span><\/figcaption><\/figure>\n","protected":false},"excerpt":{"rendered":"<p>L&rsquo;aspirant Guy-Pierre Aubry de Maraumont, pilote du char B1 Bis de la IV\u00e8me DCR command\u00e9 par le colonel de Gaulle, fut le premier \u00e0 p\u00e9n\u00e9trer<\/p>\n","protected":false},"author":2,"featured_media":0,"parent":0,"menu_order":0,"comment_status":"closed","ping_status":"closed","template":"","meta":{"footnotes":""},"categories":[],"tags":[],"class_list":["post-8282","page","type-page","status-publish","hentry"],"_links":{"self":[{"href":"https:\/\/www.huppy-patrimoine.fr\/index.php\/wp-json\/wp\/v2\/pages\/8282","targetHints":{"allow":["GET"]}}],"collection":[{"href":"https:\/\/www.huppy-patrimoine.fr\/index.php\/wp-json\/wp\/v2\/pages"}],"about":[{"href":"https:\/\/www.huppy-patrimoine.fr\/index.php\/wp-json\/wp\/v2\/types\/page"}],"author":[{"embeddable":true,"href":"https:\/\/www.huppy-patrimoine.fr\/index.php\/wp-json\/wp\/v2\/users\/2"}],"replies":[{"embeddable":true,"href":"https:\/\/www.huppy-patrimoine.fr\/index.php\/wp-json\/wp\/v2\/comments?post=8282"}],"version-history":[{"count":25,"href":"https:\/\/www.huppy-patrimoine.fr\/index.php\/wp-json\/wp\/v2\/pages\/8282\/revisions"}],"predecessor-version":[{"id":8348,"href":"https:\/\/www.huppy-patrimoine.fr\/index.php\/wp-json\/wp\/v2\/pages\/8282\/revisions\/8348"}],"wp:attachment":[{"href":"https:\/\/www.huppy-patrimoine.fr\/index.php\/wp-json\/wp\/v2\/media?parent=8282"}],"wp:term":[{"taxonomy":"category","embeddable":true,"href":"https:\/\/www.huppy-patrimoine.fr\/index.php\/wp-json\/wp\/v2\/categories?post=8282"},{"taxonomy":"post_tag","embeddable":true,"href":"https:\/\/www.huppy-patrimoine.fr\/index.php\/wp-json\/wp\/v2\/tags?post=8282"}],"curies":[{"name":"wp","href":"https:\/\/api.w.org\/{rel}","templated":true}]}}